{"id":506,"date":"2012-07-01T16:10:01","date_gmt":"2012-07-01T15:10:01","guid":{"rendered":"https:\/\/www.judo-vaud.ch\/cms\/?page_id=506"},"modified":"2012-07-01T16:10:01","modified_gmt":"2012-07-01T15:10:01","slug":"resultats","status":"publish","type":"page","link":"https:\/\/www.judo-vaud.ch\/?page_id=506","title":{"rendered":"R\u00e9sultats"},"content":{"rendered":"<p><img decoding=\"async\" class=\"alignright wp-image-1643 size-thumbnail\" src=\"http:\/\/www.judo-vaud.ch\/cms\/wp-content\/plugins\/AVJJ-ShortCode\/photos\/Judo-Vaud37-150x150.jpg\" alt=\"CVEEc\" width=\"150\" height=\"150\" \/><br \/>\nVoici les r\u00e9sultats des Championnats Vaudois par Equipe Ecoliers<br \/>\n<div class=\"pt-cv-wrapper\"><div class=\"pt-cv-view pt-cv-grid pt-cv-colsys\" id=\"pt-cv-view-6df3cb7e79\"><div data-id=\"pt-cv-page-1\" class=\"pt-cv-page\" data-cvc=\"2\"><div class=\"col-md-6 col-sm-6 col-xs-12 pt-cv-content-item pt-cv-1-col\" ><div class='pt-cv-ifield'><a href=\"https:\/\/www.judo-vaud.ch\/?p=12080\" class=\"_self pt-cv-href-thumbnail pt-cv-thumb-default\" target=\"_self\" ><img fetchpriority=\"high\" decoding=\"async\" width=\"300\" height=\"187\" src=\"https:\/\/www.judo-vaud.ch\/cms\/wp-content\/uploads\/2020\/02\/DSC_9904-300x187.jpg\" class=\"pt-cv-thumbnail\" alt=\"\" srcset=\"https:\/\/www.judo-vaud.ch\/cms\/wp-content\/uploads\/2020\/02\/DSC_9904-300x187.jpg 300w, https:\/\/www.judo-vaud.ch\/cms\/wp-content\/uploads\/2020\/02\/DSC_9904-1024x640.jpg 1024w, https:\/\/www.judo-vaud.ch\/cms\/wp-content\/uploads\/2020\/02\/DSC_9904-768x480.jpg 768w, https:\/\/www.judo-vaud.ch\/cms\/wp-content\/uploads\/2020\/02\/DSC_9904-1536x960.jpg 1536w, https:\/\/www.judo-vaud.ch\/cms\/wp-content\/uploads\/2020\/02\/DSC_9904-480x300.jpg 480w, https:\/\/www.judo-vaud.ch\/cms\/wp-content\/uploads\/2020\/02\/DSC_9904-1320x825.jpg 1320w, https:\/\/www.judo-vaud.ch\/cms\/wp-content\/uploads\/2020\/02\/DSC_9904.jpg 1693w\" sizes=\"(max-width: 300px) 100vw, 300px\" \/><\/a>\n<h4 class=\"pt-cv-title\"><a href=\"https:\/\/www.judo-vaud.ch\/?p=12080\" class=\"_self\" target=\"_self\" >Championnat VD Equipe 2024 &#8211; R\u00e9sultats<\/a><\/h4>\n<div class=\"pt-cv-content\">Le Championnat Vaudois par \u00e9quipes Ecoliers a eu lieu samedi 2 novembre, salle de Grand Vennes \u00e0 1010 Lausanne ...<\/div><\/div><\/div>\n<div class=\"col-md-6 col-sm-6 col-xs-12 pt-cv-content-item pt-cv-1-col\" ><div class='pt-cv-ifield'><a href=\"https:\/\/www.judo-vaud.ch\/?p=10959\" class=\"_self pt-cv-href-thumbnail pt-cv-thumb-default\" target=\"_self\" ><img decoding=\"async\" width=\"300\" height=\"225\" src=\"https:\/\/www.judo-vaud.ch\/cms\/wp-content\/uploads\/2023\/11\/WhatsApp-Image-2023-11-04-a-12.07.36_06a61e35-300x225.jpg\" class=\"pt-cv-thumbnail\" alt=\"\" srcset=\"https:\/\/www.judo-vaud.ch\/cms\/wp-content\/uploads\/2023\/11\/WhatsApp-Image-2023-11-04-a-12.07.36_06a61e35-300x225.jpg 300w, https:\/\/www.judo-vaud.ch\/cms\/wp-content\/uploads\/2023\/11\/WhatsApp-Image-2023-11-04-a-12.07.36_06a61e35-768x576.jpg 768w, https:\/\/www.judo-vaud.ch\/cms\/wp-content\/uploads\/2023\/11\/WhatsApp-Image-2023-11-04-a-12.07.36_06a61e35-110x83.jpg 110w, https:\/\/www.judo-vaud.ch\/cms\/wp-content\/uploads\/2023\/11\/WhatsApp-Image-2023-11-04-a-12.07.36_06a61e35-420x315.jpg 420w, https:\/\/www.judo-vaud.ch\/cms\/wp-content\/uploads\/2023\/11\/WhatsApp-Image-2023-11-04-a-12.07.36_06a61e35-573x430.jpg 573w, https:\/\/www.judo-vaud.ch\/cms\/wp-content\/uploads\/2023\/11\/WhatsApp-Image-2023-11-04-a-12.07.36_06a61e35-160x120.jpg 160w, https:\/\/www.judo-vaud.ch\/cms\/wp-content\/uploads\/2023\/11\/WhatsApp-Image-2023-11-04-a-12.07.36_06a61e35.jpg 1024w\" sizes=\"(max-width: 300px) 100vw, 300px\" \/><\/a>\n<h4 class=\"pt-cv-title\"><a href=\"https:\/\/www.judo-vaud.ch\/?p=10959\" class=\"_self\" target=\"_self\" >Championnats Vaudois par \u00e9quipes Ecoliers 2023<\/a><\/h4>\n<div class=\"pt-cv-content\">Le Championnats Vaudois par \u00e9quipes Ecoliers a eu lieu ce samedi 4 novembre \u00e0 Prangins ...<\/div><\/div><\/div>\n<div class=\"col-md-6 col-sm-6 col-xs-12 pt-cv-content-item pt-cv-1-col\" ><div class='pt-cv-ifield'><a href=\"https:\/\/www.judo-vaud.ch\/?p=10320\" class=\"_self pt-cv-href-thumbnail pt-cv-thumb-default\" target=\"_self\" ><img loading=\"lazy\" decoding=\"async\" width=\"300\" height=\"225\" src=\"https:\/\/www.judo-vaud.ch\/cms\/wp-content\/uploads\/2022\/11\/TCA2022b-300x225.jpg\" class=\"pt-cv-thumbnail\" alt=\"\" srcset=\"https:\/\/www.judo-vaud.ch\/cms\/wp-content\/uploads\/2022\/11\/TCA2022b-300x225.jpg 300w, https:\/\/www.judo-vaud.ch\/cms\/wp-content\/uploads\/2022\/11\/TCA2022b-1024x768.jpg 1024w, https:\/\/www.judo-vaud.ch\/cms\/wp-content\/uploads\/2022\/11\/TCA2022b-768x576.jpg 768w, https:\/\/www.judo-vaud.ch\/cms\/wp-content\/uploads\/2022\/11\/TCA2022b-110x83.jpg 110w, https:\/\/www.judo-vaud.ch\/cms\/wp-content\/uploads\/2022\/11\/TCA2022b-420x315.jpg 420w, https:\/\/www.judo-vaud.ch\/cms\/wp-content\/uploads\/2022\/11\/TCA2022b-573x430.jpg 573w, https:\/\/www.judo-vaud.ch\/cms\/wp-content\/uploads\/2022\/11\/TCA2022b-160x120.jpg 160w, https:\/\/www.judo-vaud.ch\/cms\/wp-content\/uploads\/2022\/11\/TCA2022b-1320x990.jpg 1320w, https:\/\/www.judo-vaud.ch\/cms\/wp-content\/uploads\/2022\/11\/TCA2022b.jpg 1440w\" sizes=\"(max-width: 300px) 100vw, 300px\" \/><\/a>\n<h4 class=\"pt-cv-title\"><a href=\"https:\/\/www.judo-vaud.ch\/?p=10320\" class=\"_self\" target=\"_self\" >R\u00e9sultats manifestations 5 et 6 novembre<\/a><\/h4>\n<div class=\"pt-cv-content\">Voici les r\u00e9sultats de nos trois manifestations qui ont eu lieu les 5 et 6 novembre derniers ...<\/div><\/div><\/div>\n<div class=\"col-md-6 col-sm-6 col-xs-12 pt-cv-content-item pt-cv-1-col\" ><div class='pt-cv-ifield'><a href=\"https:\/\/www.judo-vaud.ch\/?p=9532\" class=\"_self pt-cv-href-thumbnail pt-cv-thumb-default\" target=\"_self\" ><img fetchpriority=\"high\" decoding=\"async\" width=\"300\" height=\"187\" src=\"https:\/\/www.judo-vaud.ch\/cms\/wp-content\/uploads\/2020\/02\/DSC_9904-300x187.jpg\" class=\"pt-cv-thumbnail\" alt=\"\" srcset=\"https:\/\/www.judo-vaud.ch\/cms\/wp-content\/uploads\/2020\/02\/DSC_9904-300x187.jpg 300w, https:\/\/www.judo-vaud.ch\/cms\/wp-content\/uploads\/2020\/02\/DSC_9904-1024x640.jpg 1024w, https:\/\/www.judo-vaud.ch\/cms\/wp-content\/uploads\/2020\/02\/DSC_9904-768x480.jpg 768w, https:\/\/www.judo-vaud.ch\/cms\/wp-content\/uploads\/2020\/02\/DSC_9904-1536x960.jpg 1536w, https:\/\/www.judo-vaud.ch\/cms\/wp-content\/uploads\/2020\/02\/DSC_9904-480x300.jpg 480w, https:\/\/www.judo-vaud.ch\/cms\/wp-content\/uploads\/2020\/02\/DSC_9904-1320x825.jpg 1320w, https:\/\/www.judo-vaud.ch\/cms\/wp-content\/uploads\/2020\/02\/DSC_9904.jpg 1693w\" sizes=\"(max-width: 300px) 100vw, 300px\" \/><\/a>\n<h4 class=\"pt-cv-title\"><a href=\"https:\/\/www.judo-vaud.ch\/?p=9532\" class=\"_self\" target=\"_self\" >R\u00e9sultats Championnat VD Equipe Ecoliers 2021<\/a><\/h4>\n<div class=\"pt-cv-content\">Voici le r\u00e9sultat final de l'\u00e9dition 2021 du Championnat Vaudois par \u00e9quipes Ecoliers ...<\/div><\/div><\/div>\n<div class=\"col-md-6 col-sm-6 col-xs-12 pt-cv-content-item pt-cv-1-col\" ><div class='pt-cv-ifield'><a href=\"https:\/\/www.judo-vaud.ch\/?p=6384\" class=\"_self pt-cv-href-thumbnail pt-cv-thumb-default\" target=\"_self\" ><\/a>\n<h4 class=\"pt-cv-title\"><a href=\"https:\/\/www.judo-vaud.ch\/?p=6384\" class=\"_self\" target=\"_self\" >Championnat VD Equipe \u00e9coliers 2018<\/a><\/h4>\n<div class=\"pt-cv-content\">Les Championnats Vaudois par Equipe Ecoliers 2018 ont eu lieu le dimanche 4 novembre \u00e0 Crissier ...<\/div><\/div><\/div>\n<div class=\"col-md-6 col-sm-6 col-xs-12 pt-cv-content-item pt-cv-1-col\" ><div class='pt-cv-ifield'><a href=\"https:\/\/www.judo-vaud.ch\/?p=5574\" class=\"_self pt-cv-href-thumbnail pt-cv-thumb-default\" target=\"_self\" ><\/a>\n<h4 class=\"pt-cv-title\"><a href=\"https:\/\/www.judo-vaud.ch\/?p=5574\" class=\"_self\" target=\"_self\" >Championnat VD Equipe \u00e9coliers 2017<\/a><\/h4>\n<div class=\"pt-cv-content\">Les Championnats Vaudois par Equipe Ecoliers 2017 ont eu lieu le dimanche\u00a05 novembre \u00e0 Bussigny ...<\/div><\/div><\/div>\n<div class=\"col-md-6 col-sm-6 col-xs-12 pt-cv-content-item pt-cv-1-col\" ><div class='pt-cv-ifield'><a href=\"https:\/\/www.judo-vaud.ch\/?p=3836\" class=\"_self pt-cv-href-thumbnail pt-cv-thumb-default\" target=\"_self\" ><\/a>\n<h4 class=\"pt-cv-title\"><a href=\"https:\/\/www.judo-vaud.ch\/?p=3836\" class=\"_self\" target=\"_self\" >Championnat VD Equipe Ecoliers 2015<\/a><\/h4>\n<div class=\"pt-cv-content\">Quatre \u00e9quipes se sont rencontr\u00e9es le samedi 14 novembre 2015 \u00e0 Bi\u00e8re\u00a0pour les Championnats Vaudois par Equipe Ecoliers 2015 ...<\/div><\/div><\/div>\n<div class=\"col-md-6 col-sm-6 col-xs-12 pt-cv-content-item pt-cv-1-col\" ><div class='pt-cv-ifield'><a href=\"https:\/\/www.judo-vaud.ch\/?p=2868\" class=\"_self pt-cv-href-thumbnail pt-cv-thumb-default\" target=\"_self\" ><\/a>\n<h4 class=\"pt-cv-title\"><a href=\"https:\/\/www.judo-vaud.ch\/?p=2868\" class=\"_self\" target=\"_self\" >Championnat VD Equipe Ecoliers 2014<\/a><\/h4>\n<div class=\"pt-cv-content\">Les Championnats Vaudois par Equipe Ecoliers \u00a02014 ont eu lieu le samedi 1er novembre \u00e0 Pompaples ...<\/div><\/div><\/div>\n<div class=\"col-md-6 col-sm-6 col-xs-12 pt-cv-content-item pt-cv-1-col\" ><div class='pt-cv-ifield'><a href=\"https:\/\/www.judo-vaud.ch\/?p=2205\" class=\"_self pt-cv-href-thumbnail pt-cv-thumb-default\" target=\"_self\" ><\/a>\n<h4 class=\"pt-cv-title\"><a href=\"https:\/\/www.judo-vaud.ch\/?p=2205\" class=\"_self\" target=\"_self\" >Championnat VD Equipe Ecoliers 2013<\/a><\/h4>\n<div class=\"pt-cv-content\">Le championnat vaudois par \u00e9quipe Ecolier A (jeunes de 1999 et 1998) a eu lieu \u00e0 Bussigny cette ann\u00e9e ...<\/div><\/div><\/div>\n<div class=\"col-md-6 col-sm-6 col-xs-12 pt-cv-content-item pt-cv-1-col\" ><div class='pt-cv-ifield'><a href=\"https:\/\/www.judo-vaud.ch\/?p=4016\" class=\"_self pt-cv-href-thumbnail pt-cv-thumb-default\" target=\"_self\" ><\/a>\n<h4 class=\"pt-cv-title\"><a href=\"https:\/\/www.judo-vaud.ch\/?p=4016\" class=\"_self\" target=\"_self\" >Championnat VD Equipe Ecoliers 2012<\/a><\/h4>\n<div class=\"pt-cv-content\">Les Championnats Vaudois par Equipe Ecoliers 2012 ont eu lieu le 4 novembre 2012 \u00e0 Bussigny ...<\/div><\/div><\/div>\n<div class=\"col-md-6 col-sm-6 col-xs-12 pt-cv-content-item pt-cv-1-col\" ><div class='pt-cv-ifield'><a href=\"https:\/\/www.judo-vaud.ch\/?p=162\" class=\"_self pt-cv-href-thumbnail pt-cv-thumb-default\" target=\"_self\" ><\/a>\n<h4 class=\"pt-cv-title\"><a href=\"https:\/\/www.judo-vaud.ch\/?p=162\" class=\"_self\" target=\"_self\" >Championnat VD Equipe Ecoliers 2011<\/a><\/h4>\n<div class=\"pt-cv-content\">Le Championnat Vaudois par \u00e9quipes \u00e9coliers 11-13 ans s'est d\u00e9roul\u00e9 \u00e0\u00a0 Bussigny dimanche 6 novembre 2011 ...<\/div><\/div><\/div>\n<div class=\"col-md-6 col-sm-6 col-xs-12 pt-cv-content-item pt-cv-1-col\" ><div class='pt-cv-ifield'><a href=\"https:\/\/www.judo-vaud.ch\/?p=3194\" class=\"_self pt-cv-href-thumbnail pt-cv-thumb-default\" target=\"_self\" ><\/a>\n<h4 class=\"pt-cv-title\"><a href=\"https:\/\/www.judo-vaud.ch\/?p=3194\" class=\"_self\" target=\"_self\" >Championnat VD Equipe Ecoliers 2010<\/a><\/h4>\n<div class=\"pt-cv-content\">R\u00e9sultats des Championnats Vaudois par Equipe Ecoliers 2010 \u00e0 Nyon ...<\/div><\/div><\/div>\n<div class=\"col-md-6 col-sm-6 col-xs-12 pt-cv-content-item pt-cv-1-col\" ><div class='pt-cv-ifield'><a href=\"https:\/\/www.judo-vaud.ch\/?p=4045\" class=\"_self pt-cv-href-thumbnail pt-cv-thumb-default\" target=\"_self\" ><\/a>\n<h4 class=\"pt-cv-title\"><a href=\"https:\/\/www.judo-vaud.ch\/?p=4045\" class=\"_self\" target=\"_self\" >Championnat VD Equipe Ecoliers 2009<\/a><\/h4>\n<div class=\"pt-cv-content\">R\u00e9sultats des Championnats Vaudois par Equipe Ecoliers 2009 \u00e0 Yverdon EJ D\u00e9gallier ...<\/div><\/div><\/div>\n<div class=\"col-md-6 col-sm-6 col-xs-12 pt-cv-content-item pt-cv-1-col\" ><div class='pt-cv-ifield'><a href=\"https:\/\/www.judo-vaud.ch\/?p=4067\" class=\"_self pt-cv-href-thumbnail pt-cv-thumb-default\" target=\"_self\" ><\/a>\n<h4 class=\"pt-cv-title\"><a href=\"https:\/\/www.judo-vaud.ch\/?p=4067\" class=\"_self\" target=\"_self\" >Championnat VD Equipe Ecoliers 2008<\/a><\/h4>\n<div class=\"pt-cv-content\">Les Championnats Vaudois par Equipe Ecoliers 2008 n'ont pas eu lieu faute d'\u00e9quipe ...<\/div><\/div><\/div>\n<div class=\"col-md-6 col-sm-6 col-xs-12 pt-cv-content-item pt-cv-1-col\" ><div class='pt-cv-ifield'><a href=\"https:\/\/www.judo-vaud.ch\/?p=4072\" class=\"_self pt-cv-href-thumbnail pt-cv-thumb-default\" target=\"_self\" ><\/a>\n<h4 class=\"pt-cv-title\"><a href=\"https:\/\/www.judo-vaud.ch\/?p=4072\" class=\"_self\" target=\"_self\" >Championnat VD Equipe Ecoliers 2007<\/a><\/h4>\n<div class=\"pt-cv-content\">R\u00e9sultats des Championnats Vaudois par Equipe Ecoliers 2007 ...<\/div><\/div><\/div>\n<div class=\"col-md-6 col-sm-6 col-xs-12 pt-cv-content-item pt-cv-1-col\" ><div class='pt-cv-ifield'><a href=\"https:\/\/www.judo-vaud.ch\/?p=4073\" class=\"_self pt-cv-href-thumbnail pt-cv-thumb-default\" target=\"_self\" ><\/a>\n<h4 class=\"pt-cv-title\"><a href=\"https:\/\/www.judo-vaud.ch\/?p=4073\" class=\"_self\" target=\"_self\" >Championnat VD Equipe Ecoliers 2006<\/a><\/h4>\n<div class=\"pt-cv-content\">R\u00e9sultats des Championnats Vaudois par Equipe Ecoliers 2006 ...<\/div><\/div><\/div>\n<div class=\"col-md-6 col-sm-6 col-xs-12 pt-cv-content-item pt-cv-1-col\" ><div class='pt-cv-ifield'><a href=\"https:\/\/www.judo-vaud.ch\/?p=4074\" class=\"_self pt-cv-href-thumbnail pt-cv-thumb-default\" target=\"_self\" ><\/a>\n<h4 class=\"pt-cv-title\"><a href=\"https:\/\/www.judo-vaud.ch\/?p=4074\" class=\"_self\" target=\"_self\" >Championnat VD Equipe Ecoliers 2005<\/a><\/h4>\n<div class=\"pt-cv-content\">R\u00e9sultats des Championnats Vaudois par Equipe Ecoliers 2005, ...<\/div><\/div><\/div>\n<div class=\"col-md-6 col-sm-6 col-xs-12 pt-cv-content-item pt-cv-1-col\" ><div class='pt-cv-ifield'><a href=\"https:\/\/www.judo-vaud.ch\/?p=4075\" class=\"_self pt-cv-href-thumbnail pt-cv-thumb-default\" target=\"_self\" ><\/a>\n<h4 class=\"pt-cv-title\"><a href=\"https:\/\/www.judo-vaud.ch\/?p=4075\" class=\"_self\" target=\"_self\" >Championnat VD Equipe Ecoliers 2004<\/a><\/h4>\n<div class=\"pt-cv-content\">R\u00e9sultats des Championnats Vaudois par Equipe Ecoliers 2004 \u00e0 Pully ...<\/div><\/div><\/div>\n<div class=\"col-md-6 col-sm-6 col-xs-12 pt-cv-content-item pt-cv-1-col\" ><div class='pt-cv-ifield'><a href=\"https:\/\/www.judo-vaud.ch\/?p=4077\" class=\"_self pt-cv-href-thumbnail pt-cv-thumb-default\" target=\"_self\" ><\/a>\n<h4 class=\"pt-cv-title\"><a href=\"https:\/\/www.judo-vaud.ch\/?p=4077\" class=\"_self\" target=\"_self\" >Championnat VD Equipe Ecoliers 2003<\/a><\/h4>\n<div class=\"pt-cv-content\">R\u00e9sultats des Championnats Vaudois par Equipe Ecoliers 2003 \u00e0 Yverdon ...<\/div><\/div><\/div>\n<div class=\"col-md-6 col-sm-6 col-xs-12 pt-cv-content-item pt-cv-1-col\" ><div class='pt-cv-ifield'><a href=\"https:\/\/www.judo-vaud.ch\/?p=4071\" class=\"_self pt-cv-href-thumbnail pt-cv-thumb-default\" target=\"_self\" ><\/a>\n<h4 class=\"pt-cv-title\"><a href=\"https:\/\/www.judo-vaud.ch\/?p=4071\" class=\"_self\" target=\"_self\" >Championnat VD Equipe Ecoliers 2002<\/a><\/h4>\n<div class=\"pt-cv-content\">R\u00e9sultats des Championnats Vaudois par Equipe Ecoliers 2002 ...<\/div><\/div><\/div>\n<div class=\"col-md-6 col-sm-6 col-xs-12 pt-cv-content-item pt-cv-1-col\" ><div class='pt-cv-ifield'><a href=\"https:\/\/www.judo-vaud.ch\/?p=4070\" class=\"_self pt-cv-href-thumbnail pt-cv-thumb-default\" target=\"_self\" ><\/a>\n<h4 class=\"pt-cv-title\"><a href=\"https:\/\/www.judo-vaud.ch\/?p=4070\" class=\"_self\" target=\"_self\" >Championnat VD Equipe Ecoliers 2001<\/a><\/h4>\n<div class=\"pt-cv-content\">R\u00e9sultats des Championnats Vaudois par Equipe Ecoliers 2001 ...<\/div><\/div><\/div>\n<div class=\"col-md-6 col-sm-6 col-xs-12 pt-cv-content-item pt-cv-1-col\" ><div class='pt-cv-ifield'><a href=\"https:\/\/www.judo-vaud.ch\/?p=4093\" class=\"_self pt-cv-href-thumbnail pt-cv-thumb-default\" target=\"_self\" ><\/a>\n<h4 class=\"pt-cv-title\"><a href=\"https:\/\/www.judo-vaud.ch\/?p=4093\" class=\"_self\" target=\"_self\" >Championnat VD Equipe Ecoliers 2000<\/a><\/h4>\n<div class=\"pt-cv-content\">R\u00e9sultats des Championnats Vaudois par Equipe Ecoliers 2000 ...<\/div><\/div><\/div><\/div><\/div><\/div><\/p>\n","protected":false},"excerpt":{"rendered":"<p>Voici les r\u00e9sultats des Championnats Vaudois par Equipe Ecoliers<\/p>\n","protected":false},"author":3,"featured_media":0,"parent":499,"menu_order":90,"comment_status":"closed","ping_status":"closed","template":"","meta":{"_cbd_carousel_blocks":"[]","footnotes":""},"class_list":["post-506","page","type-page","status-publish","hentry"],"_links":{"self":[{"href":"https:\/\/www.judo-vaud.ch\/index.php?rest_route=\/wp\/v2\/pages\/506","targetHints":{"allow":["GET"]}}],"collection":[{"href":"https:\/\/www.judo-vaud.ch\/index.php?rest_route=\/wp\/v2\/pages"}],"about":[{"href":"https:\/\/www.judo-vaud.ch\/index.php?rest_route=\/wp\/v2\/types\/page"}],"author":[{"embeddable":true,"href":"https:\/\/www.judo-vaud.ch\/index.php?rest_route=\/wp\/v2\/users\/3"}],"replies":[{"embeddable":true,"href":"https:\/\/www.judo-vaud.ch\/index.php?rest_route=%2Fwp%2Fv2%2Fcomments&post=506"}],"version-history":[{"count":0,"href":"https:\/\/www.judo-vaud.ch\/index.php?rest_route=\/wp\/v2\/pages\/506\/revisions"}],"up":[{"embeddable":true,"href":"https:\/\/www.judo-vaud.ch\/index.php?rest_route=\/wp\/v2\/pages\/499"}],"wp:attachment":[{"href":"https:\/\/www.judo-vaud.ch\/index.php?rest_route=%2Fwp%2Fv2%2Fmedia&parent=506"}],"curies":[{"name":"wp","href":"https:\/\/api.w.org\/{rel}","templated":true}]}}